{"id":159628,"date":"2021-11-08T23:39:45","date_gmt":"2021-11-08T22:39:45","guid":{"rendered":"https:\/\/www.overseas-association.eu\/event\/save-the-date-octas-side-event-at-cop26\/"},"modified":"2021-11-15T15:25:59","modified_gmt":"2021-11-15T14:25:59","slug":"save-the-date-octas-side-event-at-cop26","status":"publish","type":"event","link":"https:\/\/www.overseas-association.eu\/fr\/event\/save-the-date-octas-side-event-at-cop26\/","title":{"rendered":"Ev\u00e9nement de l\u2019OCTA \u00e0 la COP26"},"content":{"rendered":"<div class=\"pdfprnt-buttons pdfprnt-buttons-event pdfprnt-top-right\"><a href=\"javascript: imageToPdf(159628)\" class=\"pdfprnt-button pdfprnt-button-pdf\" target=\"_self\" ><span class=\"pdfprnt-button-title pdfprnt-button-pdf-title\">Download<\/span><\/a><\/div><p>L\u2019OCTA a le plaisir de vous inviter \u00e0 l\u2019\u00e9v\u00e9nement intitul\u00e9 \u00ab <strong>De l\u2019\u00e9laboration des politiques \u00e0 leur mise en \u0153uvre: des solutions r\u00e9gionales innovantes pour l\u2019adaptation au changement climatique<\/strong>\u00bb qui se tiendra le mardi 9 novembre \u00e0 16 heures (GMT) dans le cadre du Pavillon de l\u2019UE de la COP26 \u00e0 Glasgow<\/p>\n<p>Cette ann\u00e9e, <a href=\"https:\/\/ukcop26.org\/\" target=\"_blank\" rel=\"noopener\">la 26<sup>e<\/sup> \u00e9dition de la Conf\u00e9rence des parties au changement climatique des Nations Unies (COP26)<\/a>se d\u00e9roule \u00e0 Glasgow, au Royaume-Uni. Pendant deux semaines, la COP26 rassemblera des milliers de participants dans le but d\u2019acc\u00e9l\u00e9rer les efforts vers la r\u00e9alisation des objectifs de l\u2019Accord de Paris et de la Convention-cadre des Nations Unies sur les changements climatiques.<\/p>\n<p>L\u2019OCTA participera \u00e0 la COP26 o\u00f9 elle organisera un \u00e9v\u00e8nement parall\u00e8le sur l\u2019adaptation au changement climatique au niveau r\u00e9gional. Organis\u00e9 en coop\u00e9ration avec le gouvernement des \u00eeles Bal\u00e9ares, le gouvernement basque et le Comit\u00e9 europ\u00e9en des r\u00e9gions, cet \u00e9v\u00e9nement pr\u00e9sentera des initiatives d\u2019innovation politique en mati\u00e8re d\u2019adaptation au climat (feuilles de route pour la transition vers le climat, l\u2019\u00e9nergie et l\u2019\u00e9conomie bleue), ainsi que des projets de mise en \u0153uvre pratique pour \u00e9voluer vers de nouveaux mod\u00e8les de gouvernance \u00e9conomique et territoriale du climat ayant un impact concret dans les territoires. L\u2019\u00e9v\u00e9nement se concentrera sur 4 exp\u00e9riences phares au niveau r\u00e9gional et sur leur reproductibilit\u00e9 au niveau mondial.<\/p>\n<p>L\u2019OCTA sera repr\u00e9sent\u00e9e \u00e0 la COP26 par les d\u00e9l\u00e9gations du Vice-Pr\u00e9sident de l\u2019Association, le Groenland, et de la Polyn\u00e9sie fran\u00e7aise, et pourra compter sur le message vid\u00e9o de son Pr\u00e9sident, le Pr\u00e9sident de la Nouvelle-Cal\u00e9donie.<\/p>\n<p>Cet \u00e9v\u00e9nement parall\u00e8le sera transmis en ligne. L\u2019interpr\u00e9tation sera assur\u00e9e en anglais, fran\u00e7ais et espagnol. Pour y assister, veuillez vous inscrire aux \u00e9v\u00e8nements du Pavillon de l\u2019UE \u00e0 la COP26 en cliquant sur le lien ci-dessous. Vous pouvez ajouter notre session (session 8.G.4) \u00e0 votre programme:<\/p>\n<p><a href=\"https:\/\/www.cop26eusideevents.eu\/\" target=\"_blank\" rel=\"noopener\">LIEN VERS L\u2019INSCRIPTION<\/a><\/p>\n<p>L&rsquo;enregistrement de l&rsquo;\u00e9v\u00e9nement est d\u00e9sormais \u00e9galement disponible sur la cha\u00eene Youtube d&rsquo;EUClimateAction <a href=\"https:\/\/www.youtube.com\/watch?v=lXYO0fT-zDY&amp;t=2s\">ici<\/a>.<\/p>\n<p>A l&rsquo;occasion de la Cop 26 qui se d\u00e9roule \u00e0 Glasgow et de l&rsquo;\u00e9v\u00e9nement parall\u00e8le organis\u00e9 par l&rsquo;OCTA dans le pavillon de l&rsquo;UE, le membre du gouvernement de la Nouvelle-Cal\u00e9donie charg\u00e9 du d\u00e9veloppement durable, de l&rsquo;environnement et de la transition \u00e9cologique, M. Joseph Manaute, a partag\u00e9 par vid\u00e9o une mise \u00e0 jour des solutions r\u00e9gionales innovantes en mati\u00e8re d&rsquo;adaptation au changement climatique. Regardez la vid\u00e9o<a href=\"https:\/\/youtu.be\/yxgLcwZgqSQ\"> compl\u00e8te ici<\/a><\/p>\n<p>&nbsp;<\/p>\n<p>Pour toute information compl\u00e9mentaire, veuillez contacter Andrei Moarcas, conseiller en environnement et en \u00e9nergie \u00e0 l\u2019OCTA : <a href=\"mailto:andrei@overseas-association.eu\">andrei@overseas-association.eu.<\/a><\/p>\n","protected":false},"excerpt":{"rendered":"<p>L\u2019OCTA a le plaisir de vous inviter \u00e0 l\u2019\u00e9v\u00e9nement intitul\u00e9 \u00ab De l\u2019\u00e9laboration des politiques \u00e0 leur mise en \u0153uvre: des solutions r\u00e9gionales innovantes pour l\u2019adaptation au changement climatique\u00bb qui se tiendra le mardi 9 novembre \u00e0 16 heures (GMT) dans le cadre du Pavillon de l\u2019UE de la COP26 \u00e0 Glasgow<\/p>\n","protected":false},"author":7,"featured_media":152666,"template":"","categories":[235],"tags":[],"event_type":[244],"class_list":["post-159628","event","type-event","status-publish","has-post-thumbnail","hentry","category-event-fr","event_type-conferences-fr"],"acf":[],"yoast_head":"<!-- This site is optimized with the Yoast SEO plugin v27.4 - https:\/\/yoast.com\/product\/yoast-seo-wordpress\/ -->\n<title>Ev\u00e9nement de l\u2019OCTA \u00e0 la COP26 - OCTA<\/title>\n<meta name=\"robots\" content=\"index, follow, max-snippet:-1, max-image-preview:large, max-video-preview:-1\" \/>\n<link rel=\"canonical\" href=\"https:\/\/www.overseas-association.eu\/fr\/event\/save-the-date-octas-side-event-at-cop26\/\" \/>\n<meta property=\"og:locale\" content=\"fr_FR\" \/>\n<meta property=\"og:type\" content=\"article\" \/>\n<meta property=\"og:title\" content=\"Ev\u00e9nement de l\u2019OCTA \u00e0 la COP26 - OCTA\" \/>\n<meta property=\"og:description\" content=\"L\u2019OCTA a le plaisir de vous inviter \u00e0 l\u2019\u00e9v\u00e9nement intitul\u00e9 \u00ab De l\u2019\u00e9laboration des politiques \u00e0 leur mise en \u0153uvre: des solutions r\u00e9gionales innovantes pour l\u2019adaptation au changement climatique\u00bb qui se tiendra le mardi 9 novembre \u00e0 16 heures (GMT) dans le cadre du Pavillon de l\u2019UE de la COP26 \u00e0 Glasgow\" \/>\n<meta property=\"og:url\" content=\"https:\/\/www.overseas-association.eu\/fr\/event\/save-the-date-octas-side-event-at-cop26\/\" \/>\n<meta property=\"og:site_name\" content=\"OCTA\" \/>\n<meta property=\"article:modified_time\" content=\"2021-11-15T14:25:59+00:00\" \/>\n<meta property=\"og:image\" content=\"https:\/\/www.overseas-association.eu\/content\/uploads\/2021\/11\/COP26-EVENT-ENG.png\" \/>\n\t<meta property=\"og:image:width\" content=\"1073\" \/>\n\t<meta property=\"og:image:height\" content=\"702\" \/>\n\t<meta property=\"og:image:type\" content=\"image\/png\" \/>\n<meta name=\"twitter:card\" content=\"summary_large_image\" \/>\n<meta name=\"twitter:label1\" content=\"Dur\u00e9e de lecture estim\u00e9e\" \/>\n\t<meta name=\"twitter:data1\" content=\"2 minutes\" \/>\n<script type=\"application\/ld+json\" class=\"yoast-schema-graph\">{\"@context\":\"https:\\\/\\\/schema.org\",\"@graph\":[{\"@type\":\"WebPage\",\"@id\":\"https:\\\/\\\/www.overseas-association.eu\\\/fr\\\/event\\\/save-the-date-octas-side-event-at-cop26\\\/\",\"url\":\"https:\\\/\\\/www.overseas-association.eu\\\/fr\\\/event\\\/save-the-date-octas-side-event-at-cop26\\\/\",\"name\":\"Ev\u00e9nement de l\u2019OCTA \u00e0 la COP26 - OCTA\",\"isPartOf\":{\"@id\":\"https:\\\/\\\/www.overseas-association.eu\\\/fr\\\/#website\"},\"primaryImageOfPage\":{\"@id\":\"https:\\\/\\\/www.overseas-association.eu\\\/fr\\\/event\\\/save-the-date-octas-side-event-at-cop26\\\/#primaryimage\"},\"image\":{\"@id\":\"https:\\\/\\\/www.overseas-association.eu\\\/fr\\\/event\\\/save-the-date-octas-side-event-at-cop26\\\/#primaryimage\"},\"thumbnailUrl\":\"https:\\\/\\\/www.overseas-association.eu\\\/content\\\/uploads\\\/2021\\\/11\\\/COP26-EVENT-ENG.png\",\"datePublished\":\"2021-11-08T22:39:45+00:00\",\"dateModified\":\"2021-11-15T14:25:59+00:00\",\"breadcrumb\":{\"@id\":\"https:\\\/\\\/www.overseas-association.eu\\\/fr\\\/event\\\/save-the-date-octas-side-event-at-cop26\\\/#breadcrumb\"},\"inLanguage\":\"fr-FR\",\"potentialAction\":[{\"@type\":\"ReadAction\",\"target\":[\"https:\\\/\\\/www.overseas-association.eu\\\/fr\\\/event\\\/save-the-date-octas-side-event-at-cop26\\\/\"]}]},{\"@type\":\"ImageObject\",\"inLanguage\":\"fr-FR\",\"@id\":\"https:\\\/\\\/www.overseas-association.eu\\\/fr\\\/event\\\/save-the-date-octas-side-event-at-cop26\\\/#primaryimage\",\"url\":\"https:\\\/\\\/www.overseas-association.eu\\\/content\\\/uploads\\\/2021\\\/11\\\/COP26-EVENT-ENG.png\",\"contentUrl\":\"https:\\\/\\\/www.overseas-association.eu\\\/content\\\/uploads\\\/2021\\\/11\\\/COP26-EVENT-ENG.png\",\"width\":1073,\"height\":702},{\"@type\":\"BreadcrumbList\",\"@id\":\"https:\\\/\\\/www.overseas-association.eu\\\/fr\\\/event\\\/save-the-date-octas-side-event-at-cop26\\\/#breadcrumb\",\"itemListElement\":[{\"@type\":\"ListItem\",\"position\":1,\"name\":\"Home\",\"item\":\"https:\\\/\\\/www.overseas-association.eu\\\/fr\\\/\"},{\"@type\":\"ListItem\",\"position\":2,\"name\":\"Events\",\"item\":\"https:\\\/\\\/www.overseas-association.eu\\\/fr\\\/event\\\/\"},{\"@type\":\"ListItem\",\"position\":3,\"name\":\"Ev\u00e9nement de l\u2019OCTA \u00e0 la COP26\"}]},{\"@type\":\"WebSite\",\"@id\":\"https:\\\/\\\/www.overseas-association.eu\\\/fr\\\/#website\",\"url\":\"https:\\\/\\\/www.overseas-association.eu\\\/fr\\\/\",\"name\":\"OCTA\",\"description\":\"Overseas Countries and Territories Association\",\"publisher\":{\"@id\":\"https:\\\/\\\/www.overseas-association.eu\\\/fr\\\/#organization\"},\"potentialAction\":[{\"@type\":\"SearchAction\",\"target\":{\"@type\":\"EntryPoint\",\"urlTemplate\":\"https:\\\/\\\/www.overseas-association.eu\\\/fr\\\/?s={search_term_string}\"},\"query-input\":{\"@type\":\"PropertyValueSpecification\",\"valueRequired\":true,\"valueName\":\"search_term_string\"}}],\"inLanguage\":\"fr-FR\"},{\"@type\":\"Organization\",\"@id\":\"https:\\\/\\\/www.overseas-association.eu\\\/fr\\\/#organization\",\"name\":\"Overseas Countries and Territories Association\",\"url\":\"https:\\\/\\\/www.overseas-association.eu\\\/fr\\\/\",\"logo\":{\"@type\":\"ImageObject\",\"inLanguage\":\"fr-FR\",\"@id\":\"https:\\\/\\\/www.overseas-association.eu\\\/fr\\\/#\\\/schema\\\/logo\\\/image\\\/\",\"url\":\"https:\\\/\\\/www.overseas-association.eu\\\/content\\\/uploads\\\/2021\\\/03\\\/logo.png\",\"contentUrl\":\"https:\\\/\\\/www.overseas-association.eu\\\/content\\\/uploads\\\/2021\\\/03\\\/logo.png\",\"width\":316,\"height\":134,\"caption\":\"Overseas Countries and Territories Association\"},\"image\":{\"@id\":\"https:\\\/\\\/www.overseas-association.eu\\\/fr\\\/#\\\/schema\\\/logo\\\/image\\\/\"}}]}<\/script>\n<!-- \/ Yoast SEO plugin. -->","yoast_head_json":{"title":"Ev\u00e9nement de l\u2019OCTA \u00e0 la COP26 - OCTA","robots":{"index":"index","follow":"follow","max-snippet":"max-snippet:-1","max-image-preview":"max-image-preview:large","max-video-preview":"max-video-preview:-1"},"canonical":"https:\/\/www.overseas-association.eu\/fr\/event\/save-the-date-octas-side-event-at-cop26\/","og_locale":"fr_FR","og_type":"article","og_title":"Ev\u00e9nement de l\u2019OCTA \u00e0 la COP26 - OCTA","og_description":"L\u2019OCTA a le plaisir de vous inviter \u00e0 l\u2019\u00e9v\u00e9nement intitul\u00e9 \u00ab De l\u2019\u00e9laboration des politiques \u00e0 leur mise en \u0153uvre: des solutions r\u00e9gionales innovantes pour l\u2019adaptation au changement climatique\u00bb qui se tiendra le mardi 9 novembre \u00e0 16 heures (GMT) dans le cadre du Pavillon de l\u2019UE de la COP26 \u00e0 Glasgow","og_url":"https:\/\/www.overseas-association.eu\/fr\/event\/save-the-date-octas-side-event-at-cop26\/","og_site_name":"OCTA","article_modified_time":"2021-11-15T14:25:59+00:00","og_image":[{"width":1073,"height":702,"url":"https:\/\/www.overseas-association.eu\/content\/uploads\/2021\/11\/COP26-EVENT-ENG.png","type":"image\/png"}],"twitter_card":"summary_large_image","twitter_misc":{"Dur\u00e9e de lecture estim\u00e9e":"2 minutes"},"schema":{"@context":"https:\/\/schema.org","@graph":[{"@type":"WebPage","@id":"https:\/\/www.overseas-association.eu\/fr\/event\/save-the-date-octas-side-event-at-cop26\/","url":"https:\/\/www.overseas-association.eu\/fr\/event\/save-the-date-octas-side-event-at-cop26\/","name":"Ev\u00e9nement de l\u2019OCTA \u00e0 la COP26 - OCTA","isPartOf":{"@id":"https:\/\/www.overseas-association.eu\/fr\/#website"},"primaryImageOfPage":{"@id":"https:\/\/www.overseas-association.eu\/fr\/event\/save-the-date-octas-side-event-at-cop26\/#primaryimage"},"image":{"@id":"https:\/\/www.overseas-association.eu\/fr\/event\/save-the-date-octas-side-event-at-cop26\/#primaryimage"},"thumbnailUrl":"https:\/\/www.overseas-association.eu\/content\/uploads\/2021\/11\/COP26-EVENT-ENG.png","datePublished":"2021-11-08T22:39:45+00:00","dateModified":"2021-11-15T14:25:59+00:00","breadcrumb":{"@id":"https:\/\/www.overseas-association.eu\/fr\/event\/save-the-date-octas-side-event-at-cop26\/#breadcrumb"},"inLanguage":"fr-FR","potentialAction":[{"@type":"ReadAction","target":["https:\/\/www.overseas-association.eu\/fr\/event\/save-the-date-octas-side-event-at-cop26\/"]}]},{"@type":"ImageObject","inLanguage":"fr-FR","@id":"https:\/\/www.overseas-association.eu\/fr\/event\/save-the-date-octas-side-event-at-cop26\/#primaryimage","url":"https:\/\/www.overseas-association.eu\/content\/uploads\/2021\/11\/COP26-EVENT-ENG.png","contentUrl":"https:\/\/www.overseas-association.eu\/content\/uploads\/2021\/11\/COP26-EVENT-ENG.png","width":1073,"height":702},{"@type":"BreadcrumbList","@id":"https:\/\/www.overseas-association.eu\/fr\/event\/save-the-date-octas-side-event-at-cop26\/#breadcrumb","itemListElement":[{"@type":"ListItem","position":1,"name":"Home","item":"https:\/\/www.overseas-association.eu\/fr\/"},{"@type":"ListItem","position":2,"name":"Events","item":"https:\/\/www.overseas-association.eu\/fr\/event\/"},{"@type":"ListItem","position":3,"name":"Ev\u00e9nement de l\u2019OCTA \u00e0 la COP26"}]},{"@type":"WebSite","@id":"https:\/\/www.overseas-association.eu\/fr\/#website","url":"https:\/\/www.overseas-association.eu\/fr\/","name":"OCTA","description":"Overseas Countries and Territories Association","publisher":{"@id":"https:\/\/www.overseas-association.eu\/fr\/#organization"},"potentialAction":[{"@type":"SearchAction","target":{"@type":"EntryPoint","urlTemplate":"https:\/\/www.overseas-association.eu\/fr\/?s={search_term_string}"},"query-input":{"@type":"PropertyValueSpecification","valueRequired":true,"valueName":"search_term_string"}}],"inLanguage":"fr-FR"},{"@type":"Organization","@id":"https:\/\/www.overseas-association.eu\/fr\/#organization","name":"Overseas Countries and Territories Association","url":"https:\/\/www.overseas-association.eu\/fr\/","logo":{"@type":"ImageObject","inLanguage":"fr-FR","@id":"https:\/\/www.overseas-association.eu\/fr\/#\/schema\/logo\/image\/","url":"https:\/\/www.overseas-association.eu\/content\/uploads\/2021\/03\/logo.png","contentUrl":"https:\/\/www.overseas-association.eu\/content\/uploads\/2021\/03\/logo.png","width":316,"height":134,"caption":"Overseas Countries and Territories Association"},"image":{"@id":"https:\/\/www.overseas-association.eu\/fr\/#\/schema\/logo\/image\/"}}]}},"_links":{"self":[{"href":"https:\/\/www.overseas-association.eu\/fr\/wp-json\/wp\/v2\/event\/159628","targetHints":{"allow":["GET"]}}],"collection":[{"href":"https:\/\/www.overseas-association.eu\/fr\/wp-json\/wp\/v2\/event"}],"about":[{"href":"https:\/\/www.overseas-association.eu\/fr\/wp-json\/wp\/v2\/types\/event"}],"author":[{"embeddable":true,"href":"https:\/\/www.overseas-association.eu\/fr\/wp-json\/wp\/v2\/users\/7"}],"wp:featuredmedia":[{"embeddable":true,"href":"https:\/\/www.overseas-association.eu\/fr\/wp-json\/wp\/v2\/media\/152666"}],"wp:attachment":[{"href":"https:\/\/www.overseas-association.eu\/fr\/wp-json\/wp\/v2\/media?parent=159628"}],"wp:term":[{"taxonomy":"category","embeddable":true,"href":"https:\/\/www.overseas-association.eu\/fr\/wp-json\/wp\/v2\/categories?post=159628"},{"taxonomy":"post_tag","embeddable":true,"href":"https:\/\/www.overseas-association.eu\/fr\/wp-json\/wp\/v2\/tags?post=159628"},{"taxonomy":"event_type","embeddable":true,"href":"https:\/\/www.overseas-association.eu\/fr\/wp-json\/wp\/v2\/event_type?post=159628"}],"curies":[{"name":"wp","href":"https:\/\/api.w.org\/{rel}","templated":true}]}}