{"id":13128,"date":"2021-06-23T14:30:18","date_gmt":"2021-06-23T12:30:18","guid":{"rendered":"https:\/\/www.overseas-association.eu\/?post_type=event&#038;p=13128"},"modified":"2021-11-02T12:07:07","modified_gmt":"2021-11-02T11:07:07","slug":"lancement-officiel-du-groupe-damis-des-ptom","status":"publish","type":"event","link":"https:\/\/www.overseas-association.eu\/fr\/event\/lancement-officiel-du-groupe-damis-des-ptom\/","title":{"rendered":"Lancement officiel du \u00ab groupe d\u2019amis des PTOM \u00bb"},"content":{"rendered":"<div class=\"pdfprnt-buttons pdfprnt-buttons-event pdfprnt-top-right\"><a href=\"javascript: imageToPdf(13128)\" class=\"pdfprnt-button pdfprnt-button-pdf\" target=\"_self\" ><span class=\"pdfprnt-button-title pdfprnt-button-pdf-title\">Download<\/span><\/a><\/div><div class=\"single__description\">\n<p style=\"text-align: justify;\">L\u2019OCTA a co-organis\u00e9 avec les d\u00e9put\u00e9s europ\u00e9ens, Mme Samira Rafaela et M. St\u00e9phane Bijoux, le lancement officiel du \u00ab <strong>groupe d\u2019amis des PTOM<\/strong>\u00a0\u00bb au sein du Parlement europ\u00e9en, le <strong>29 juin<\/strong> 2021 de 15h00 \u00e0 16h30 (heure de Bruxelles)<\/p>\n<p style=\"text-align: justify;\">Mme Rafaela et M. Bijoux sont Co-Pr\u00e9sidents de ce groupe d\u2019amiti\u00e9 UE\/ PTOM au sein du Parlement.<\/p>\n<p style=\"text-align: justify;\">Dans l\u2019objectif de sensibiliser le plus grand nombre d\u2019acteurs europ\u00e9ens sur la valeur ajout\u00e9e du Partenariat entre l\u2019UE et les PTOM, en tant que membres de la famille europ\u00e9enne, ce webinaire offra aux participants un tour virtuel de la diversit\u00e9 des territoires, depuis les p\u00f4les jusqu\u2019aux tropiques.<\/p>\n<p style=\"text-align: justify;\">Plusieurs acteurs cl\u00e9s des institutions de l&rsquo;UE et des PTOM ont particip\u00e9, mettant en avant les nouveaut\u00e9s du partenariat UE\/PTOM pour la p\u00e9riode 2021-2027 et la pr\u00e9cieuse diversit\u00e9 des PTOM. Le webinaire comprenait la pr\u00e9sentation des d\u00e9put\u00e9s europ\u00e9ens et un message de la commissaire charg\u00e9e des partenariats internationaux, Mme Jutta Urpilainen, suivis de pr\u00e9sentations et d&rsquo;interviews avec des parties prenantes du Groenland et des Cara\u00efbes. Le webinaire fut cl\u00f4tur\u00e9 par une s\u00e9quence artistique \u00e0 travers une performance musicale\/de danse traditionnelle polyn\u00e9sienne.<\/p>\n<p>Si vous souhaitez voir les <span style=\"text-decoration: underline;\">pr\u00e9sentations<\/span>, veuillez cliquer sur les points du programme pour les t\u00e9l\u00e9charger.<\/p>\n<p><span class=\"VIiyi\" lang=\"fr\"><span class=\"JLqJ4b ChMk0b\" data-language-for-alternatives=\"fr\" data-language-to-translate-into=\"en\" data-phrase-index=\"0\">L\u2019<span style=\"text-decoration: underline;\">enregistrement<\/span> du webinaire \u2013 avec des horodatages pour passer d\u2019une pr\u00e9sentation \u00e0 l\u2019autre \u2013 peut \u00eatre visionn\u00e9 ici\u00a0:<\/span><\/span><\/p>\n<ul>\n<li><a href=\"https:\/\/www.youtube.com\/watch?v=Zvhqz-r4E1M\" target=\"_blank\" rel=\"noopener\"><span style=\"color: #ffff99;\"><strong>ENREGISTREMENT DU WEBINAIRE EN ANGLAIS<\/strong><\/span><\/a><\/li>\n<li><a href=\"https:\/\/www.youtube.com\/watch?v=O4IfK7GyNQg\" target=\"_blank\" rel=\"noopener\"><span style=\"color: #ffff99;\"><strong>ENREGISTREMENT DU WEBINAIRE EN FRAN<span class=\"ILfuVd\"><span class=\"hgKElc\">\u00c7<\/span><\/span>AIS<\/strong><\/span><\/a><\/li>\n<\/ul>\n<p>&nbsp;<\/p>\n<\/div>\n<h3 style=\"text-align: center;\"><u><strong>Programmme :<\/strong><\/u><\/h3>\n<p>&nbsp;<\/p>\n<p><strong>| 15:00 \u2013 15:30 |\u00a0<\/strong><\/p>\n<p style=\"text-align: justify;\">D\u00e9claration d&rsquo;ouverture de la d\u00e9put\u00e9e europ\u00e9enne Samira Rafaela<br \/>\nMessage vid\u00e9o de la commissaire charg\u00e9e des partenariats\u00a0\u00a0\u00a0\u00a0\u00a0 internationaux, Jutta Urpilainen<br \/>\nD\u00e9claration du d\u00e9put\u00e9 europ\u00e9en St\u00e9phane Bijoux<br \/>\nMessage vid\u00e9o du pr\u00e9sident de l\u2019OCTA, Thierry Santa<\/p>\n<p style=\"text-align: justify;\">Vid\u00e9o &#8211; Les PTOM dans le monde<\/p>\n<p><strong>| 15:30 \u2013 15:40 |<\/strong><\/p>\n<p><a href=\"https:\/\/www.overseas-association.eu\/content\/uploads\/2021\/06\/Rasmus-Wendt_-Greenland-presentation.pptx\" target=\"_blank\" rel=\"noopener\">Pr\u00e9sentation de Rasmus Wendt<\/a>, chef de division, Ph. D. &#8211; Minist\u00e8re de l&rsquo;agriculture, de l&rsquo;autosuffisance, de l&rsquo;\u00e9nergie et de l&rsquo;environnement, gouvernement du Groenland<\/p>\n<p><strong>| 15:40 \u2013 15:50 | <\/strong><\/p>\n<p><a href=\"https:\/\/www.overseas-association.eu\/content\/uploads\/2021\/06\/Caribbean-Youth-Luis-A.-Gonzalez-.pdf\" target=\"_blank\" rel=\"noopener\">Pr\u00e9sentation de Luis Gonzalez<\/a> &#8211; Universit\u00e9 de Cura\u00e7ao<\/p>\n<p><strong>| 15:50 \u2013 16:00 | <\/strong><\/p>\n<p>D\u00e9claration de Jolita Butkeviciene, directrice &#8211; DG INTPA<\/p>\n<p><strong>| 16:00 \u2013 16:05<\/strong> |<\/p>\n<p>Remarques finales par la d\u00e9put\u00e9e europ\u00e9enne Samira Rafaela<\/p>\n<p><strong>| 16:05 \u2013 16:15 | <\/strong><\/p>\n<p>Cl\u00f4ture<br \/>\nSpectacle de musique\/danse traditionnelle\/Pacifique\/Polyn\u00e9sie fran\u00e7aise<\/p>\n","protected":false},"excerpt":{"rendered":"<p>L\u2019OCTA a co-organis\u00e9 avec les d\u00e9put\u00e9s europ\u00e9ens, Mme Samira Rafaela et M. St\u00e9phane Bijoux, le lancement officiel du \u00ab groupe d\u2019amis des PTOM\u00a0\u00bb au sein du Parlement europ\u00e9en, le 29 juin 2021 de 15h00 \u00e0 16h30 (heure de Bruxelles)<\/p>\n","protected":false},"author":5,"featured_media":13014,"template":"","categories":[235],"tags":[],"event_type":[],"class_list":["post-13128","event","type-event","status-publish","has-post-thumbnail","hentry","category-event-fr"],"acf":[],"yoast_head":"<!-- This site is optimized with the Yoast SEO plugin v27.5 - https:\/\/yoast.com\/product\/yoast-seo-wordpress\/ -->\n<title>Lancement officiel du \u00ab groupe d\u2019amis des PTOM \u00bb - OCTA<\/title>\n<meta name=\"robots\" content=\"index, follow, max-snippet:-1, max-image-preview:large, max-video-preview:-1\" \/>\n<link rel=\"canonical\" href=\"https:\/\/www.overseas-association.eu\/fr\/event\/lancement-officiel-du-groupe-damis-des-ptom\/\" \/>\n<meta property=\"og:locale\" content=\"fr_FR\" \/>\n<meta property=\"og:type\" content=\"article\" \/>\n<meta property=\"og:title\" content=\"Lancement officiel du \u00ab groupe d\u2019amis des PTOM \u00bb - OCTA\" \/>\n<meta property=\"og:description\" content=\"L\u2019OCTA a co-organis\u00e9 avec les d\u00e9put\u00e9s europ\u00e9ens, Mme Samira Rafaela et M. St\u00e9phane Bijoux, le lancement officiel du \u00ab groupe d\u2019amis des PTOM\u00a0\u00bb au sein du Parlement europ\u00e9en, le 29 juin 2021 de 15h00 \u00e0 16h30 (heure de Bruxelles)\" \/>\n<meta property=\"og:url\" content=\"https:\/\/www.overseas-association.eu\/fr\/event\/lancement-officiel-du-groupe-damis-des-ptom\/\" \/>\n<meta property=\"og:site_name\" content=\"OCTA\" \/>\n<meta property=\"article:modified_time\" content=\"2021-11-02T11:07:07+00:00\" \/>\n<meta property=\"og:image\" content=\"https:\/\/www.overseas-association.eu\/content\/uploads\/2021\/06\/News-friends-of-the-OCTs-fr.png\" \/>\n\t<meta property=\"og:image:width\" content=\"1747\" \/>\n\t<meta property=\"og:image:height\" content=\"1240\" \/>\n\t<meta property=\"og:image:type\" content=\"image\/png\" \/>\n<meta name=\"twitter:card\" content=\"summary_large_image\" \/>\n<meta name=\"twitter:label1\" content=\"Dur\u00e9e de lecture estim\u00e9e\" \/>\n\t<meta name=\"twitter:data1\" content=\"2 minutes\" \/>\n<script type=\"application\/ld+json\" class=\"yoast-schema-graph\">{\"@context\":\"https:\\\/\\\/schema.org\",\"@graph\":[{\"@type\":\"WebPage\",\"@id\":\"https:\\\/\\\/www.overseas-association.eu\\\/fr\\\/event\\\/lancement-officiel-du-groupe-damis-des-ptom\\\/\",\"url\":\"https:\\\/\\\/www.overseas-association.eu\\\/fr\\\/event\\\/lancement-officiel-du-groupe-damis-des-ptom\\\/\",\"name\":\"Lancement officiel du \u00ab groupe d\u2019amis des PTOM \u00bb - OCTA\",\"isPartOf\":{\"@id\":\"https:\\\/\\\/www.overseas-association.eu\\\/fr\\\/#website\"},\"primaryImageOfPage\":{\"@id\":\"https:\\\/\\\/www.overseas-association.eu\\\/fr\\\/event\\\/lancement-officiel-du-groupe-damis-des-ptom\\\/#primaryimage\"},\"image\":{\"@id\":\"https:\\\/\\\/www.overseas-association.eu\\\/fr\\\/event\\\/lancement-officiel-du-groupe-damis-des-ptom\\\/#primaryimage\"},\"thumbnailUrl\":\"https:\\\/\\\/www.overseas-association.eu\\\/content\\\/uploads\\\/2021\\\/06\\\/News-friends-of-the-OCTs-fr.png\",\"datePublished\":\"2021-06-23T12:30:18+00:00\",\"dateModified\":\"2021-11-02T11:07:07+00:00\",\"breadcrumb\":{\"@id\":\"https:\\\/\\\/www.overseas-association.eu\\\/fr\\\/event\\\/lancement-officiel-du-groupe-damis-des-ptom\\\/#breadcrumb\"},\"inLanguage\":\"fr-FR\",\"potentialAction\":[{\"@type\":\"ReadAction\",\"target\":[\"https:\\\/\\\/www.overseas-association.eu\\\/fr\\\/event\\\/lancement-officiel-du-groupe-damis-des-ptom\\\/\"]}]},{\"@type\":\"ImageObject\",\"inLanguage\":\"fr-FR\",\"@id\":\"https:\\\/\\\/www.overseas-association.eu\\\/fr\\\/event\\\/lancement-officiel-du-groupe-damis-des-ptom\\\/#primaryimage\",\"url\":\"https:\\\/\\\/www.overseas-association.eu\\\/content\\\/uploads\\\/2021\\\/06\\\/News-friends-of-the-OCTs-fr.png\",\"contentUrl\":\"https:\\\/\\\/www.overseas-association.eu\\\/content\\\/uploads\\\/2021\\\/06\\\/News-friends-of-the-OCTs-fr.png\",\"width\":1747,\"height\":1240},{\"@type\":\"BreadcrumbList\",\"@id\":\"https:\\\/\\\/www.overseas-association.eu\\\/fr\\\/event\\\/lancement-officiel-du-groupe-damis-des-ptom\\\/#breadcrumb\",\"itemListElement\":[{\"@type\":\"ListItem\",\"position\":1,\"name\":\"Home\",\"item\":\"https:\\\/\\\/www.overseas-association.eu\\\/fr\\\/\"},{\"@type\":\"ListItem\",\"position\":2,\"name\":\"Events\",\"item\":\"https:\\\/\\\/www.overseas-association.eu\\\/fr\\\/event\\\/\"},{\"@type\":\"ListItem\",\"position\":3,\"name\":\"Lancement officiel du \u00ab groupe d\u2019amis des PTOM \u00bb\"}]},{\"@type\":\"WebSite\",\"@id\":\"https:\\\/\\\/www.overseas-association.eu\\\/fr\\\/#website\",\"url\":\"https:\\\/\\\/www.overseas-association.eu\\\/fr\\\/\",\"name\":\"OCTA\",\"description\":\"Overseas Countries and Territories Association\",\"publisher\":{\"@id\":\"https:\\\/\\\/www.overseas-association.eu\\\/fr\\\/#organization\"},\"potentialAction\":[{\"@type\":\"SearchAction\",\"target\":{\"@type\":\"EntryPoint\",\"urlTemplate\":\"https:\\\/\\\/www.overseas-association.eu\\\/fr\\\/?s={search_term_string}\"},\"query-input\":{\"@type\":\"PropertyValueSpecification\",\"valueRequired\":true,\"valueName\":\"search_term_string\"}}],\"inLanguage\":\"fr-FR\"},{\"@type\":\"Organization\",\"@id\":\"https:\\\/\\\/www.overseas-association.eu\\\/fr\\\/#organization\",\"name\":\"Overseas Countries and Territories Association\",\"url\":\"https:\\\/\\\/www.overseas-association.eu\\\/fr\\\/\",\"logo\":{\"@type\":\"ImageObject\",\"inLanguage\":\"fr-FR\",\"@id\":\"https:\\\/\\\/www.overseas-association.eu\\\/fr\\\/#\\\/schema\\\/logo\\\/image\\\/\",\"url\":\"https:\\\/\\\/www.overseas-association.eu\\\/content\\\/uploads\\\/2021\\\/03\\\/logo.png\",\"contentUrl\":\"https:\\\/\\\/www.overseas-association.eu\\\/content\\\/uploads\\\/2021\\\/03\\\/logo.png\",\"width\":316,\"height\":134,\"caption\":\"Overseas Countries and Territories Association\"},\"image\":{\"@id\":\"https:\\\/\\\/www.overseas-association.eu\\\/fr\\\/#\\\/schema\\\/logo\\\/image\\\/\"}}]}<\/script>\n<!-- \/ Yoast SEO plugin. -->","yoast_head_json":{"title":"Lancement officiel du \u00ab groupe d\u2019amis des PTOM \u00bb - OCTA","robots":{"index":"index","follow":"follow","max-snippet":"max-snippet:-1","max-image-preview":"max-image-preview:large","max-video-preview":"max-video-preview:-1"},"canonical":"https:\/\/www.overseas-association.eu\/fr\/event\/lancement-officiel-du-groupe-damis-des-ptom\/","og_locale":"fr_FR","og_type":"article","og_title":"Lancement officiel du \u00ab groupe d\u2019amis des PTOM \u00bb - OCTA","og_description":"L\u2019OCTA a co-organis\u00e9 avec les d\u00e9put\u00e9s europ\u00e9ens, Mme Samira Rafaela et M. St\u00e9phane Bijoux, le lancement officiel du \u00ab groupe d\u2019amis des PTOM\u00a0\u00bb au sein du Parlement europ\u00e9en, le 29 juin 2021 de 15h00 \u00e0 16h30 (heure de Bruxelles)","og_url":"https:\/\/www.overseas-association.eu\/fr\/event\/lancement-officiel-du-groupe-damis-des-ptom\/","og_site_name":"OCTA","article_modified_time":"2021-11-02T11:07:07+00:00","og_image":[{"width":1747,"height":1240,"url":"https:\/\/www.overseas-association.eu\/content\/uploads\/2021\/06\/News-friends-of-the-OCTs-fr.png","type":"image\/png"}],"twitter_card":"summary_large_image","twitter_misc":{"Dur\u00e9e de lecture estim\u00e9e":"2 minutes"},"schema":{"@context":"https:\/\/schema.org","@graph":[{"@type":"WebPage","@id":"https:\/\/www.overseas-association.eu\/fr\/event\/lancement-officiel-du-groupe-damis-des-ptom\/","url":"https:\/\/www.overseas-association.eu\/fr\/event\/lancement-officiel-du-groupe-damis-des-ptom\/","name":"Lancement officiel du \u00ab groupe d\u2019amis des PTOM \u00bb - OCTA","isPartOf":{"@id":"https:\/\/www.overseas-association.eu\/fr\/#website"},"primaryImageOfPage":{"@id":"https:\/\/www.overseas-association.eu\/fr\/event\/lancement-officiel-du-groupe-damis-des-ptom\/#primaryimage"},"image":{"@id":"https:\/\/www.overseas-association.eu\/fr\/event\/lancement-officiel-du-groupe-damis-des-ptom\/#primaryimage"},"thumbnailUrl":"https:\/\/www.overseas-association.eu\/content\/uploads\/2021\/06\/News-friends-of-the-OCTs-fr.png","datePublished":"2021-06-23T12:30:18+00:00","dateModified":"2021-11-02T11:07:07+00:00","breadcrumb":{"@id":"https:\/\/www.overseas-association.eu\/fr\/event\/lancement-officiel-du-groupe-damis-des-ptom\/#breadcrumb"},"inLanguage":"fr-FR","potentialAction":[{"@type":"ReadAction","target":["https:\/\/www.overseas-association.eu\/fr\/event\/lancement-officiel-du-groupe-damis-des-ptom\/"]}]},{"@type":"ImageObject","inLanguage":"fr-FR","@id":"https:\/\/www.overseas-association.eu\/fr\/event\/lancement-officiel-du-groupe-damis-des-ptom\/#primaryimage","url":"https:\/\/www.overseas-association.eu\/content\/uploads\/2021\/06\/News-friends-of-the-OCTs-fr.png","contentUrl":"https:\/\/www.overseas-association.eu\/content\/uploads\/2021\/06\/News-friends-of-the-OCTs-fr.png","width":1747,"height":1240},{"@type":"BreadcrumbList","@id":"https:\/\/www.overseas-association.eu\/fr\/event\/lancement-officiel-du-groupe-damis-des-ptom\/#breadcrumb","itemListElement":[{"@type":"ListItem","position":1,"name":"Home","item":"https:\/\/www.overseas-association.eu\/fr\/"},{"@type":"ListItem","position":2,"name":"Events","item":"https:\/\/www.overseas-association.eu\/fr\/event\/"},{"@type":"ListItem","position":3,"name":"Lancement officiel du \u00ab groupe d\u2019amis des PTOM \u00bb"}]},{"@type":"WebSite","@id":"https:\/\/www.overseas-association.eu\/fr\/#website","url":"https:\/\/www.overseas-association.eu\/fr\/","name":"OCTA","description":"Overseas Countries and Territories Association","publisher":{"@id":"https:\/\/www.overseas-association.eu\/fr\/#organization"},"potentialAction":[{"@type":"SearchAction","target":{"@type":"EntryPoint","urlTemplate":"https:\/\/www.overseas-association.eu\/fr\/?s={search_term_string}"},"query-input":{"@type":"PropertyValueSpecification","valueRequired":true,"valueName":"search_term_string"}}],"inLanguage":"fr-FR"},{"@type":"Organization","@id":"https:\/\/www.overseas-association.eu\/fr\/#organization","name":"Overseas Countries and Territories Association","url":"https:\/\/www.overseas-association.eu\/fr\/","logo":{"@type":"ImageObject","inLanguage":"fr-FR","@id":"https:\/\/www.overseas-association.eu\/fr\/#\/schema\/logo\/image\/","url":"https:\/\/www.overseas-association.eu\/content\/uploads\/2021\/03\/logo.png","contentUrl":"https:\/\/www.overseas-association.eu\/content\/uploads\/2021\/03\/logo.png","width":316,"height":134,"caption":"Overseas Countries and Territories Association"},"image":{"@id":"https:\/\/www.overseas-association.eu\/fr\/#\/schema\/logo\/image\/"}}]}},"_links":{"self":[{"href":"https:\/\/www.overseas-association.eu\/fr\/wp-json\/wp\/v2\/event\/13128","targetHints":{"allow":["GET"]}}],"collection":[{"href":"https:\/\/www.overseas-association.eu\/fr\/wp-json\/wp\/v2\/event"}],"about":[{"href":"https:\/\/www.overseas-association.eu\/fr\/wp-json\/wp\/v2\/types\/event"}],"author":[{"embeddable":true,"href":"https:\/\/www.overseas-association.eu\/fr\/wp-json\/wp\/v2\/users\/5"}],"wp:featuredmedia":[{"embeddable":true,"href":"https:\/\/www.overseas-association.eu\/fr\/wp-json\/wp\/v2\/media\/13014"}],"wp:attachment":[{"href":"https:\/\/www.overseas-association.eu\/fr\/wp-json\/wp\/v2\/media?parent=13128"}],"wp:term":[{"taxonomy":"category","embeddable":true,"href":"https:\/\/www.overseas-association.eu\/fr\/wp-json\/wp\/v2\/categories?post=13128"},{"taxonomy":"post_tag","embeddable":true,"href":"https:\/\/www.overseas-association.eu\/fr\/wp-json\/wp\/v2\/tags?post=13128"},{"taxonomy":"event_type","embeddable":true,"href":"https:\/\/www.overseas-association.eu\/fr\/wp-json\/wp\/v2\/event_type?post=13128"}],"curies":[{"name":"wp","href":"https:\/\/api.w.org\/{rel}","templated":true}]}}