{"id":12895,"date":"2021-06-01T15:07:37","date_gmt":"2021-06-01T13:07:37","guid":{"rendered":"https:\/\/www.overseas-association.eu\/?post_type=event&#038;p=12895"},"modified":"2021-11-02T12:12:00","modified_gmt":"2021-11-02T11:12:00","slug":"webinaire-journee-mondiale-des-oceans-la-journee-mondiale-des-oceans-et-la-transition-vers-leconomie-bleue","status":"publish","type":"event","link":"https:\/\/www.overseas-association.eu\/fr\/event\/webinaire-journee-mondiale-des-oceans-la-journee-mondiale-des-oceans-et-la-transition-vers-leconomie-bleue\/","title":{"rendered":"Webinaire Journee mondiale des oc\u00e9ans: La journ\u00e9e mondiale des oc\u00e9ans et la transition vers l&rsquo;\u00e9conomie bleue"},"content":{"rendered":"<div class=\"pdfprnt-buttons pdfprnt-buttons-event pdfprnt-top-right\"><a href=\"javascript: imageToPdf(12895)\" class=\"pdfprnt-button pdfprnt-button-pdf\" target=\"_self\" ><span class=\"pdfprnt-button-title pdfprnt-button-pdf-title\">Download<\/span><\/a><\/div><p style=\"text-align: justify;\">La Journ\u00e9e mondiale de l&rsquo;oc\u00e9an est une journ\u00e9e internationale qui a lieu chaque ann\u00e9e le 8 juin. Elle soutient la mise en \u0153uvre des objectifs de d\u00e9veloppement durable dans le monde entier (ODD) et favorise l&rsquo;int\u00e9r\u00eat public \u00e0 la protection de l&rsquo;oc\u00e9an et la gestion durable de ses ressources. Plus d&rsquo;informations sont disponibles ici : <a href=\"https:\/\/www.un.org\/en\/observances\/oceans-day\">https:\/\/www.un.org\/fr\/observances\/oceans-day<\/a>.<\/p>\n<p style=\"text-align: justify;\">Issu d&rsquo;une collaboration entre l&rsquo;OCTA et la Commission nationale de Cura\u00e7ao pour l&rsquo;UNESCO, cet \u00e9v\u00e9nement se concentre sur <strong>l&rsquo;\u00e9conomie bleue<\/strong>. Des intervenants de diff\u00e9rents PTOM sont invit\u00e9s \u00e0 pr\u00e9senter leur exp\u00e9rience en mati\u00e8re de transition vers une \u00e9conomie bleu, notamment en relation avec les oc\u00e9ans.<\/p>\n<p>Le webinaire a eu lieu le <strong>8 juin 2021 et a d\u00e9but\u00e9 \u00e0 21h00CEST<\/strong>(15h00 Cara\u00efbes \/ 17h00 Groenland \/ 09h00 Polyn\u00e9sie fran\u00e7aise \/ 06h00 Nouvelle-Cal\u00e9donie \/ 07h00 Wallis et Futuna).<\/p>\n<p><span style=\"color: #ffff00;\">Si vous souhaitez voir les pr\u00e9sentations, veuillez cliquer sur les points du programme pour les t\u00e9l\u00e9charger<\/span><\/p>\n<p>L\u2019enregistrement du webinaire \u2013 avec des horodatages pour passer d\u2019une pr\u00e9sentation \u00e0 l\u2019autre \u2013 peut \u00eatre visionn\u00e9 ici : <a href=\"https:\/\/youtu.be\/5dEn47hOjIc\">ENREGISTREMENT WEBINAIRE<\/a>.<\/p>\n<p style=\"text-align: center;\"><strong>Programme<\/strong><\/p>\n<p><strong>21:00 &#8211; 21:20 | Bienvenue et introduction \u00e0 l&rsquo;\u00e9tude OCTA sur l&rsquo;\u00e9conomie bleue<\/strong><\/p>\n<ul>\n<li><strong>Pr\u00e9sentation du webinaire et des conf\u00e9renciers<\/strong> &#8211; <em><span style=\"text-decoration: underline;\">Pablo Lopez-Herrerias<\/span>, Coordinator of the OCTA Secretariat<\/em>;<\/li>\n<li><strong>Introduction de la Journ\u00e9e mondiale des oc\u00e9ans<\/strong> &#8211; <em><span style=\"text-decoration: underline;\">Marva C. Browne<\/span>, Secretary General Cura\u00e7ao National Commission for UNESCO<\/em>;<\/li>\n<li><a href=\"https:\/\/www.overseas-association.eu\/andrei\/\"><strong>L&rsquo;\u00e9tude OCTA sur l&rsquo;\u00e9conomie bleue \u2013 une pr\u00e9sentation pr\u00e9liminaire<\/strong><\/a> &#8211; <em><span style=\"text-decoration: underline;\">Andrei Moarcas<\/span>, OCTA Environment and Energy Advisor;<\/em><\/li>\n<\/ul>\n<p><strong>21:20 &#8211; 22:10 | Partage d&rsquo;exp\u00e9rience dans la transition vers l&rsquo;\u00e9conomie bleue<\/strong><\/p>\n<ul>\n<li><a href=\"https:\/\/www.overseas-association.eu\/karel\/\"><strong>D\u00e9fis et opportunit\u00e9s de l&rsquo;\u00e9conomie bleue &#8211; Opportunit\u00e9s pour l&rsquo;industrie des eaux profondes de Cura\u00e7ao<\/strong><\/a> &#8211; <em><span style=\"text-decoration: underline;\">Karel Tujeehut<\/span><\/em>, <em>Coordinator of the Energy Bureau of the Ministry of Economic Development of Cura\u00e7ao<\/em> ;<\/li>\n<li><a href=\"https:\/\/www.overseas-association.eu\/nikoline\/\"><strong>D\u00e9veloppement durable au Groenland &#8211; Pr\u00e9sentation de deux cas : Algues et Concombre de mer<\/strong><\/a> &#8211; <em><span style=\"text-decoration: underline;\">Nikoline Ziemer<\/span>, Business Development Manager in Royal Greenland A\/S);<\/em><\/li>\n<li><a href=\"https:\/\/www.overseas-association.eu\/lionel\/\"><strong>D\u00e9fis et opportunit\u00e9s de l&rsquo;\u00e9conomie bleue dans les PTOM du Pacifique: focus sur la Nouvelle-Cal\u00e9donie<\/strong><\/a>&#8211; <em><span style=\"text-decoration: underline;\">Lionel Loubersac<\/span>, Founder and Manager of the New Caledonia Maritime Cluster<\/em><em>)<\/em>;<\/li>\n<\/ul>\n<p><strong>22:10 &#8211; 22:30 | S\u00e9ance de questions et r\u00e9ponses<\/strong><\/p>\n<p>&nbsp;<\/p>\n","protected":false},"excerpt":{"rendered":"<p>Issu d&rsquo;une collaboration entre l&rsquo;OCTA et la Commission nationale de Cura\u00e7ao pour l&rsquo;UNESCO, cet \u00e9v\u00e9nement se concentre sur l&rsquo;\u00e9conomie bleue. Des intervenants de diff\u00e9rents PTOM sont invit\u00e9s \u00e0 pr\u00e9senter leur exp\u00e9rience en mati\u00e8re de transition vers une \u00e9conomie bleu, notamment en relation avec les oc\u00e9ans.<\/p>\n","protected":false},"author":7,"featured_media":12897,"template":"","categories":[235],"tags":[],"event_type":[244],"class_list":["post-12895","event","type-event","status-publish","has-post-thumbnail","hentry","category-event-fr","event_type-conferences-fr"],"acf":[],"yoast_head":"<!-- This site is optimized with the Yoast SEO plugin v27.5 - https:\/\/yoast.com\/product\/yoast-seo-wordpress\/ -->\n<title>Webinaire Journee mondiale des oc\u00e9ans: La journ\u00e9e mondiale des oc\u00e9ans et la transition vers l&#039;\u00e9conomie bleue - OCTA<\/title>\n<meta name=\"robots\" content=\"index, follow, max-snippet:-1, max-image-preview:large, max-video-preview:-1\" \/>\n<link rel=\"canonical\" href=\"https:\/\/www.overseas-association.eu\/fr\/event\/webinaire-journee-mondiale-des-oceans-la-journee-mondiale-des-oceans-et-la-transition-vers-leconomie-bleue\/\" \/>\n<meta property=\"og:locale\" content=\"fr_FR\" \/>\n<meta property=\"og:type\" content=\"article\" \/>\n<meta property=\"og:title\" content=\"Webinaire Journee mondiale des oc\u00e9ans: La journ\u00e9e mondiale des oc\u00e9ans et la transition vers l&#039;\u00e9conomie bleue - OCTA\" \/>\n<meta property=\"og:description\" content=\"Issu d&#039;une collaboration entre l&#039;OCTA et la Commission nationale de Cura\u00e7ao pour l&#039;UNESCO, cet \u00e9v\u00e9nement se concentre sur l&#039;\u00e9conomie bleue. Des intervenants de diff\u00e9rents PTOM sont invit\u00e9s \u00e0 pr\u00e9senter leur exp\u00e9rience en mati\u00e8re de transition vers une \u00e9conomie bleu, notamment en relation avec les oc\u00e9ans.\" \/>\n<meta property=\"og:url\" content=\"https:\/\/www.overseas-association.eu\/fr\/event\/webinaire-journee-mondiale-des-oceans-la-journee-mondiale-des-oceans-et-la-transition-vers-leconomie-bleue\/\" \/>\n<meta property=\"og:site_name\" content=\"OCTA\" \/>\n<meta property=\"article:modified_time\" content=\"2021-11-02T11:12:00+00:00\" \/>\n<meta property=\"og:image\" content=\"https:\/\/www.overseas-association.eu\/content\/uploads\/2021\/06\/Oceans-Day-Event.jpg\" \/>\n\t<meta property=\"og:image:width\" content=\"1920\" \/>\n\t<meta property=\"og:image:height\" content=\"1080\" \/>\n\t<meta property=\"og:image:type\" content=\"image\/jpeg\" \/>\n<meta name=\"twitter:card\" content=\"summary_large_image\" \/>\n<meta name=\"twitter:label1\" content=\"Dur\u00e9e de lecture estim\u00e9e\" \/>\n\t<meta name=\"twitter:data1\" content=\"2 minutes\" \/>\n<script type=\"application\/ld+json\" class=\"yoast-schema-graph\">{\"@context\":\"https:\\\/\\\/schema.org\",\"@graph\":[{\"@type\":\"WebPage\",\"@id\":\"https:\\\/\\\/www.overseas-association.eu\\\/fr\\\/event\\\/webinaire-journee-mondiale-des-oceans-la-journee-mondiale-des-oceans-et-la-transition-vers-leconomie-bleue\\\/\",\"url\":\"https:\\\/\\\/www.overseas-association.eu\\\/fr\\\/event\\\/webinaire-journee-mondiale-des-oceans-la-journee-mondiale-des-oceans-et-la-transition-vers-leconomie-bleue\\\/\",\"name\":\"Webinaire Journee mondiale des oc\u00e9ans: La journ\u00e9e mondiale des oc\u00e9ans et la transition vers l'\u00e9conomie bleue - OCTA\",\"isPartOf\":{\"@id\":\"https:\\\/\\\/www.overseas-association.eu\\\/fr\\\/#website\"},\"primaryImageOfPage\":{\"@id\":\"https:\\\/\\\/www.overseas-association.eu\\\/fr\\\/event\\\/webinaire-journee-mondiale-des-oceans-la-journee-mondiale-des-oceans-et-la-transition-vers-leconomie-bleue\\\/#primaryimage\"},\"image\":{\"@id\":\"https:\\\/\\\/www.overseas-association.eu\\\/fr\\\/event\\\/webinaire-journee-mondiale-des-oceans-la-journee-mondiale-des-oceans-et-la-transition-vers-leconomie-bleue\\\/#primaryimage\"},\"thumbnailUrl\":\"https:\\\/\\\/www.overseas-association.eu\\\/content\\\/uploads\\\/2021\\\/06\\\/Oceans-Day-Event.jpg\",\"datePublished\":\"2021-06-01T13:07:37+00:00\",\"dateModified\":\"2021-11-02T11:12:00+00:00\",\"breadcrumb\":{\"@id\":\"https:\\\/\\\/www.overseas-association.eu\\\/fr\\\/event\\\/webinaire-journee-mondiale-des-oceans-la-journee-mondiale-des-oceans-et-la-transition-vers-leconomie-bleue\\\/#breadcrumb\"},\"inLanguage\":\"fr-FR\",\"potentialAction\":[{\"@type\":\"ReadAction\",\"target\":[\"https:\\\/\\\/www.overseas-association.eu\\\/fr\\\/event\\\/webinaire-journee-mondiale-des-oceans-la-journee-mondiale-des-oceans-et-la-transition-vers-leconomie-bleue\\\/\"]}]},{\"@type\":\"ImageObject\",\"inLanguage\":\"fr-FR\",\"@id\":\"https:\\\/\\\/www.overseas-association.eu\\\/fr\\\/event\\\/webinaire-journee-mondiale-des-oceans-la-journee-mondiale-des-oceans-et-la-transition-vers-leconomie-bleue\\\/#primaryimage\",\"url\":\"https:\\\/\\\/www.overseas-association.eu\\\/content\\\/uploads\\\/2021\\\/06\\\/Oceans-Day-Event.jpg\",\"contentUrl\":\"https:\\\/\\\/www.overseas-association.eu\\\/content\\\/uploads\\\/2021\\\/06\\\/Oceans-Day-Event.jpg\",\"width\":1920,\"height\":1080},{\"@type\":\"BreadcrumbList\",\"@id\":\"https:\\\/\\\/www.overseas-association.eu\\\/fr\\\/event\\\/webinaire-journee-mondiale-des-oceans-la-journee-mondiale-des-oceans-et-la-transition-vers-leconomie-bleue\\\/#breadcrumb\",\"itemListElement\":[{\"@type\":\"ListItem\",\"position\":1,\"name\":\"Home\",\"item\":\"https:\\\/\\\/www.overseas-association.eu\\\/fr\\\/\"},{\"@type\":\"ListItem\",\"position\":2,\"name\":\"Events\",\"item\":\"https:\\\/\\\/www.overseas-association.eu\\\/fr\\\/event\\\/\"},{\"@type\":\"ListItem\",\"position\":3,\"name\":\"Webinaire Journee mondiale des oc\u00e9ans: La journ\u00e9e mondiale des oc\u00e9ans et la transition vers l&rsquo;\u00e9conomie bleue\"}]},{\"@type\":\"WebSite\",\"@id\":\"https:\\\/\\\/www.overseas-association.eu\\\/fr\\\/#website\",\"url\":\"https:\\\/\\\/www.overseas-association.eu\\\/fr\\\/\",\"name\":\"OCTA\",\"description\":\"Overseas Countries and Territories Association\",\"publisher\":{\"@id\":\"https:\\\/\\\/www.overseas-association.eu\\\/fr\\\/#organization\"},\"potentialAction\":[{\"@type\":\"SearchAction\",\"target\":{\"@type\":\"EntryPoint\",\"urlTemplate\":\"https:\\\/\\\/www.overseas-association.eu\\\/fr\\\/?s={search_term_string}\"},\"query-input\":{\"@type\":\"PropertyValueSpecification\",\"valueRequired\":true,\"valueName\":\"search_term_string\"}}],\"inLanguage\":\"fr-FR\"},{\"@type\":\"Organization\",\"@id\":\"https:\\\/\\\/www.overseas-association.eu\\\/fr\\\/#organization\",\"name\":\"Overseas Countries and Territories Association\",\"url\":\"https:\\\/\\\/www.overseas-association.eu\\\/fr\\\/\",\"logo\":{\"@type\":\"ImageObject\",\"inLanguage\":\"fr-FR\",\"@id\":\"https:\\\/\\\/www.overseas-association.eu\\\/fr\\\/#\\\/schema\\\/logo\\\/image\\\/\",\"url\":\"https:\\\/\\\/www.overseas-association.eu\\\/content\\\/uploads\\\/2021\\\/03\\\/logo.png\",\"contentUrl\":\"https:\\\/\\\/www.overseas-association.eu\\\/content\\\/uploads\\\/2021\\\/03\\\/logo.png\",\"width\":316,\"height\":134,\"caption\":\"Overseas Countries and Territories Association\"},\"image\":{\"@id\":\"https:\\\/\\\/www.overseas-association.eu\\\/fr\\\/#\\\/schema\\\/logo\\\/image\\\/\"}}]}<\/script>\n<!-- \/ Yoast SEO plugin. -->","yoast_head_json":{"title":"Webinaire Journee mondiale des oc\u00e9ans: La journ\u00e9e mondiale des oc\u00e9ans et la transition vers l'\u00e9conomie bleue - OCTA","robots":{"index":"index","follow":"follow","max-snippet":"max-snippet:-1","max-image-preview":"max-image-preview:large","max-video-preview":"max-video-preview:-1"},"canonical":"https:\/\/www.overseas-association.eu\/fr\/event\/webinaire-journee-mondiale-des-oceans-la-journee-mondiale-des-oceans-et-la-transition-vers-leconomie-bleue\/","og_locale":"fr_FR","og_type":"article","og_title":"Webinaire Journee mondiale des oc\u00e9ans: La journ\u00e9e mondiale des oc\u00e9ans et la transition vers l'\u00e9conomie bleue - OCTA","og_description":"Issu d'une collaboration entre l'OCTA et la Commission nationale de Cura\u00e7ao pour l'UNESCO, cet \u00e9v\u00e9nement se concentre sur l'\u00e9conomie bleue. Des intervenants de diff\u00e9rents PTOM sont invit\u00e9s \u00e0 pr\u00e9senter leur exp\u00e9rience en mati\u00e8re de transition vers une \u00e9conomie bleu, notamment en relation avec les oc\u00e9ans.","og_url":"https:\/\/www.overseas-association.eu\/fr\/event\/webinaire-journee-mondiale-des-oceans-la-journee-mondiale-des-oceans-et-la-transition-vers-leconomie-bleue\/","og_site_name":"OCTA","article_modified_time":"2021-11-02T11:12:00+00:00","og_image":[{"width":1920,"height":1080,"url":"https:\/\/www.overseas-association.eu\/content\/uploads\/2021\/06\/Oceans-Day-Event.jpg","type":"image\/jpeg"}],"twitter_card":"summary_large_image","twitter_misc":{"Dur\u00e9e de lecture estim\u00e9e":"2 minutes"},"schema":{"@context":"https:\/\/schema.org","@graph":[{"@type":"WebPage","@id":"https:\/\/www.overseas-association.eu\/fr\/event\/webinaire-journee-mondiale-des-oceans-la-journee-mondiale-des-oceans-et-la-transition-vers-leconomie-bleue\/","url":"https:\/\/www.overseas-association.eu\/fr\/event\/webinaire-journee-mondiale-des-oceans-la-journee-mondiale-des-oceans-et-la-transition-vers-leconomie-bleue\/","name":"Webinaire Journee mondiale des oc\u00e9ans: La journ\u00e9e mondiale des oc\u00e9ans et la transition vers l'\u00e9conomie bleue - OCTA","isPartOf":{"@id":"https:\/\/www.overseas-association.eu\/fr\/#website"},"primaryImageOfPage":{"@id":"https:\/\/www.overseas-association.eu\/fr\/event\/webinaire-journee-mondiale-des-oceans-la-journee-mondiale-des-oceans-et-la-transition-vers-leconomie-bleue\/#primaryimage"},"image":{"@id":"https:\/\/www.overseas-association.eu\/fr\/event\/webinaire-journee-mondiale-des-oceans-la-journee-mondiale-des-oceans-et-la-transition-vers-leconomie-bleue\/#primaryimage"},"thumbnailUrl":"https:\/\/www.overseas-association.eu\/content\/uploads\/2021\/06\/Oceans-Day-Event.jpg","datePublished":"2021-06-01T13:07:37+00:00","dateModified":"2021-11-02T11:12:00+00:00","breadcrumb":{"@id":"https:\/\/www.overseas-association.eu\/fr\/event\/webinaire-journee-mondiale-des-oceans-la-journee-mondiale-des-oceans-et-la-transition-vers-leconomie-bleue\/#breadcrumb"},"inLanguage":"fr-FR","potentialAction":[{"@type":"ReadAction","target":["https:\/\/www.overseas-association.eu\/fr\/event\/webinaire-journee-mondiale-des-oceans-la-journee-mondiale-des-oceans-et-la-transition-vers-leconomie-bleue\/"]}]},{"@type":"ImageObject","inLanguage":"fr-FR","@id":"https:\/\/www.overseas-association.eu\/fr\/event\/webinaire-journee-mondiale-des-oceans-la-journee-mondiale-des-oceans-et-la-transition-vers-leconomie-bleue\/#primaryimage","url":"https:\/\/www.overseas-association.eu\/content\/uploads\/2021\/06\/Oceans-Day-Event.jpg","contentUrl":"https:\/\/www.overseas-association.eu\/content\/uploads\/2021\/06\/Oceans-Day-Event.jpg","width":1920,"height":1080},{"@type":"BreadcrumbList","@id":"https:\/\/www.overseas-association.eu\/fr\/event\/webinaire-journee-mondiale-des-oceans-la-journee-mondiale-des-oceans-et-la-transition-vers-leconomie-bleue\/#breadcrumb","itemListElement":[{"@type":"ListItem","position":1,"name":"Home","item":"https:\/\/www.overseas-association.eu\/fr\/"},{"@type":"ListItem","position":2,"name":"Events","item":"https:\/\/www.overseas-association.eu\/fr\/event\/"},{"@type":"ListItem","position":3,"name":"Webinaire Journee mondiale des oc\u00e9ans: La journ\u00e9e mondiale des oc\u00e9ans et la transition vers l&rsquo;\u00e9conomie bleue"}]},{"@type":"WebSite","@id":"https:\/\/www.overseas-association.eu\/fr\/#website","url":"https:\/\/www.overseas-association.eu\/fr\/","name":"OCTA","description":"Overseas Countries and Territories Association","publisher":{"@id":"https:\/\/www.overseas-association.eu\/fr\/#organization"},"potentialAction":[{"@type":"SearchAction","target":{"@type":"EntryPoint","urlTemplate":"https:\/\/www.overseas-association.eu\/fr\/?s={search_term_string}"},"query-input":{"@type":"PropertyValueSpecification","valueRequired":true,"valueName":"search_term_string"}}],"inLanguage":"fr-FR"},{"@type":"Organization","@id":"https:\/\/www.overseas-association.eu\/fr\/#organization","name":"Overseas Countries and Territories Association","url":"https:\/\/www.overseas-association.eu\/fr\/","logo":{"@type":"ImageObject","inLanguage":"fr-FR","@id":"https:\/\/www.overseas-association.eu\/fr\/#\/schema\/logo\/image\/","url":"https:\/\/www.overseas-association.eu\/content\/uploads\/2021\/03\/logo.png","contentUrl":"https:\/\/www.overseas-association.eu\/content\/uploads\/2021\/03\/logo.png","width":316,"height":134,"caption":"Overseas Countries and Territories Association"},"image":{"@id":"https:\/\/www.overseas-association.eu\/fr\/#\/schema\/logo\/image\/"}}]}},"_links":{"self":[{"href":"https:\/\/www.overseas-association.eu\/fr\/wp-json\/wp\/v2\/event\/12895","targetHints":{"allow":["GET"]}}],"collection":[{"href":"https:\/\/www.overseas-association.eu\/fr\/wp-json\/wp\/v2\/event"}],"about":[{"href":"https:\/\/www.overseas-association.eu\/fr\/wp-json\/wp\/v2\/types\/event"}],"author":[{"embeddable":true,"href":"https:\/\/www.overseas-association.eu\/fr\/wp-json\/wp\/v2\/users\/7"}],"wp:featuredmedia":[{"embeddable":true,"href":"https:\/\/www.overseas-association.eu\/fr\/wp-json\/wp\/v2\/media\/12897"}],"wp:attachment":[{"href":"https:\/\/www.overseas-association.eu\/fr\/wp-json\/wp\/v2\/media?parent=12895"}],"wp:term":[{"taxonomy":"category","embeddable":true,"href":"https:\/\/www.overseas-association.eu\/fr\/wp-json\/wp\/v2\/categories?post=12895"},{"taxonomy":"post_tag","embeddable":true,"href":"https:\/\/www.overseas-association.eu\/fr\/wp-json\/wp\/v2\/tags?post=12895"},{"taxonomy":"event_type","embeddable":true,"href":"https:\/\/www.overseas-association.eu\/fr\/wp-json\/wp\/v2\/event_type?post=12895"}],"curies":[{"name":"wp","href":"https:\/\/api.w.org\/{rel}","templated":true}]}}